{"id":1311,"date":"2025-03-20T13:22:15","date_gmt":"2025-03-20T11:22:15","guid":{"rendered":"https:\/\/www.tacoliasquini.it\/?post_type=product&#038;p=1311"},"modified":"2025-04-25T19:57:54","modified_gmt":"2025-04-25T17:57:54","slug":"cabernet-franc","status":"publish","type":"product","link":"https:\/\/www.tacoliasquini.it\/en\/shop-vino\/cabernet-franc\/","title":{"rendered":"Cabernet Franc"},"content":{"rendered":"<ul class=\"tag\">\n<li><strong>Tipo<\/strong>: Rosso.<\/li>\n<li><strong>Variet\u00e0<\/strong>: Cabernet Franc.<\/li>\n<li><strong>Classificazione del vino<\/strong>: IGT.<\/li>\n<li><strong>Comune di produzione<\/strong>: Bicinicco.<\/li>\n<li><strong>Vinificazione<\/strong>: diraspatura e successiva macerazione per 8-10 giorni ad una temperatura di 26-28\u00b0C; rimontaggi frequenti ma di breve durata in modo da ottenere un vino fresco fruttato e armonico.<\/li>\n<li><strong>Gradazione alcolica<\/strong>: 12.5\u00b0<\/li>\n<li><strong>Note<\/strong>: Vitigno molto diffuso in Francia, nella zona di Bordeaux. Il Cabernet Franc \u00e8 il componente principale dell&#8217;uvaggio di alcuni dei pi\u00f9 prestigiosi vini del mondo. Questo vitigno si \u00e8 diffuso in tutte le zone note per la produzione di vini di pregio, in California, nel Sud Africa, nella Nuova Zelanda, in Australia e in Italia, soprattutto nel Triveneto.<\/li>\n<\/ul>\n","protected":false},"excerpt":{"rendered":"<p><i class=\"fa fa-truck green\" aria-hidden=\"true\"><\/i> <strong>Spedizione<\/strong>: 2-6 giorni lavorativi.<\/p>\n<p><i class=\"fa fa-glass yellow\" aria-hidden=\"true\"><\/i> Vino: dal colore rosso rubino, presenta un bouquet ben pronunciato, con elegante fragranza di erba tagliata, lampone maturo e radice di liquirizia; asciutto franco ed armonico, con piacevole fondo di mallo di noce e frutti di bosco che si sofferma a lungo in bocca.<\/p>\n<p><i class=\"fa fa-thermometer-empty yellow\" aria-hidden=\"true\"><\/i> Temperatura di servizio: 15\u00b0-17\u00b0C.<\/p>\n<p><i class=\"fa fa-cutlery yellow\" aria-hidden=\"true\"><\/i> Abbinamenti: \u00e8 indicato con piatti di carni rosse, arrosti, pollame nobile e formaggi stagionati.<\/p>\n","protected":false},"featured_media":204,"template":"","meta":{"_uag_custom_page_level_css":"","site-sidebar-layout":"default","site-content-layout":"","ast-site-content-layout":"default","site-content-style":"default","site-sidebar-style":"default","ast-global-header-display":"","ast-banner-title-visibility":"","ast-main-header-display":"","ast-hfb-above-header-display":"","ast-hfb-below-header-display":"","ast-hfb-mobile-header-display":"","site-post-title":"","ast-breadcrumbs-content":"","ast-featured-img":"","footer-sml-layout":"","ast-disable-related-posts":"","theme-transparent-header-meta":"","adv-header-id-meta":"","stick-header-meta":"","header-above-stick-meta":"","header-main-stick-meta":"","header-below-stick-meta":"","astra-migrate-meta-layouts":"default","ast-page-background-enabled":"default","ast-page-background-meta":{"desktop":{"background-color":"var(--ast-global-color-5)","background-image":"","background-repeat":"repeat","background-position":"center center","background-size":"auto","background-attachment":"scroll","background-type":"","background-media":"","overlay-type":"","overlay-color":"","overlay-opacity":"","overlay-gradient":""},"tablet":{"background-color":"","background-image":"","background-repeat":"repeat","background-position":"center center","background-size":"auto","background-attachment":"scroll","background-type":"","background-media":"","overlay-type":"","overlay-color":"","overlay-opacity":"","overlay-gradient":""},"mobile":{"background-color":"","background-image":"","background-repeat":"repeat","background-position":"center center","background-size":"auto","background-attachment":"scroll","background-type":"","background-media":"","overlay-type":"","overlay-color":"","overlay-opacity":"","overlay-gradient":""}},"ast-content-background-meta":{"desktop":{"background-color":"var(--ast-global-color-4)","background-image":"","background-repeat":"repeat","background-position":"center center","background-size":"auto","background-attachment":"scroll","background-type":"","background-media":"","overlay-type":"","overlay-color":"","overlay-opacity":"","overlay-gradient":""},"tablet":{"background-color":"var(--ast-global-color-4)","background-image":"","background-repeat":"repeat","background-position":"center center","background-size":"auto","background-attachment":"scroll","background-type":"","background-media":"","overlay-type":"","overlay-color":"","overlay-opacity":"","overlay-gradient":""},"mobile":{"background-color":"var(--ast-global-color-4)","background-image":"","background-repeat":"repeat","background-position":"center center","background-size":"auto","background-attachment":"scroll","background-type":"","background-media":"","overlay-type":"","overlay-color":"","overlay-opacity":"","overlay-gradient":""}}},"product_brand":[],"product_cat":[39],"product_tag":[45],"class_list":{"0":"post-1311","1":"product","2":"type-product","3":"status-publish","4":"has-post-thumbnail","6":"product_cat-vini-rossi","7":"product_tag-1x","8":"pa_confezione-bottiglia","9":"desktop-align-center","10":"tablet-align-left","11":"mobile-align-center","13":"first","14":"instock","15":"taxable","16":"shipping-taxable","17":"product-type-simple"},"yoast_head":"<!-- This site is optimized with the Yoast SEO plugin v26.9 - https:\/\/yoast.com\/product\/yoast-seo-wordpress\/ -->\n<title>Cabernet Franc - Azienda Agricola Tacoli Asquini<\/title>\n<meta name=\"robots\" content=\"noindex, follow\" \/>\n<meta property=\"og:locale\" content=\"en_US\" \/>\n<meta property=\"og:type\" content=\"article\" \/>\n<meta property=\"og:title\" content=\"Cabernet Franc - Azienda Agricola Tacoli Asquini\" \/>\n<meta property=\"og:description\" content=\"Spedizione: 2-6 giorni lavorativi.  Vino: dal colore rosso rubino, presenta un bouquet ben pronunciato, con elegante fragranza di erba tagliata, lampone maturo e radice di liquirizia; asciutto franco ed armonico, con piacevole fondo di mallo di noce e frutti di bosco che si sofferma a lungo in bocca.  Temperatura di servizio: 15\u00b0-17\u00b0C.  Abbinamenti: \u00e8 indicato con piatti di carni rosse, arrosti, pollame nobile e formaggi stagionati.\" \/>\n<meta property=\"og:url\" content=\"https:\/\/www.tacoliasquini.it\/shop-vino\/cabernet-franc\/\" \/>\n<meta property=\"og:site_name\" content=\"Azienda Agricola Tacoli Asquini\" \/>\n<meta property=\"article:modified_time\" content=\"2025-04-25T17:57:54+00:00\" \/>\n<meta property=\"og:image\" content=\"https:\/\/www.tacoliasquini.it\/wp-content\/uploads\/2019\/02\/vini-azienda-agricola-tacoli-asquini-udine-friuli-cabernet-franc.png\" \/>\n\t<meta property=\"og:image:width\" content=\"944\" \/>\n\t<meta property=\"og:image:height\" content=\"944\" \/>\n\t<meta property=\"og:image:type\" content=\"image\/png\" \/>\n<meta name=\"twitter:card\" content=\"summary_large_image\" \/>\n<meta name=\"twitter:label1\" content=\"Est. reading time\" \/>\n\t<meta name=\"twitter:data1\" content=\"1 minute\" \/>\n<script type=\"application\/ld+json\" class=\"yoast-schema-graph\">{\"@context\":\"https:\/\/schema.org\",\"@graph\":[{\"@type\":\"WebPage\",\"@id\":\"https:\/\/www.tacoliasquini.it\/shop-vino\/cabernet-franc\/\",\"url\":\"https:\/\/www.tacoliasquini.it\/shop-vino\/cabernet-franc\/\",\"name\":\"Cabernet Franc - Azienda Agricola Tacoli Asquini\",\"isPartOf\":{\"@id\":\"https:\/\/www.tacoliasquini.it\/#website\"},\"primaryImageOfPage\":{\"@id\":\"https:\/\/www.tacoliasquini.it\/shop-vino\/cabernet-franc\/#primaryimage\"},\"image\":{\"@id\":\"https:\/\/www.tacoliasquini.it\/shop-vino\/cabernet-franc\/#primaryimage\"},\"thumbnailUrl\":\"https:\/\/www.tacoliasquini.it\/wp-content\/uploads\/2019\/02\/vini-azienda-agricola-tacoli-asquini-udine-friuli-cabernet-franc.png\",\"datePublished\":\"2025-03-20T11:22:15+00:00\",\"dateModified\":\"2025-04-25T17:57:54+00:00\",\"breadcrumb\":{\"@id\":\"https:\/\/www.tacoliasquini.it\/shop-vino\/cabernet-franc\/#breadcrumb\"},\"inLanguage\":\"en-US\",\"potentialAction\":[{\"@type\":\"ReadAction\",\"target\":[\"https:\/\/www.tacoliasquini.it\/shop-vino\/cabernet-franc\/\"]}]},{\"@type\":\"ImageObject\",\"inLanguage\":\"en-US\",\"@id\":\"https:\/\/www.tacoliasquini.it\/shop-vino\/cabernet-franc\/#primaryimage\",\"url\":\"https:\/\/www.tacoliasquini.it\/wp-content\/uploads\/2019\/02\/vini-azienda-agricola-tacoli-asquini-udine-friuli-cabernet-franc.png\",\"contentUrl\":\"https:\/\/www.tacoliasquini.it\/wp-content\/uploads\/2019\/02\/vini-azienda-agricola-tacoli-asquini-udine-friuli-cabernet-franc.png\",\"width\":944,\"height\":944,\"caption\":\"vini-azienda-agricola-tacoli-asquini-udine-friuli-cabernet-franc\"},{\"@type\":\"BreadcrumbList\",\"@id\":\"https:\/\/www.tacoliasquini.it\/shop-vino\/cabernet-franc\/#breadcrumb\",\"itemListElement\":[{\"@type\":\"ListItem\",\"position\":1,\"name\":\"Home\",\"item\":\"https:\/\/www.tacoliasquini.it\/en\/about\/\"},{\"@type\":\"ListItem\",\"position\":2,\"name\":\"Prodotti\",\"item\":\"https:\/\/www.tacoliasquini.it\/shop\/\"},{\"@type\":\"ListItem\",\"position\":3,\"name\":\"Cabernet Franc\"}]},{\"@type\":\"WebSite\",\"@id\":\"https:\/\/www.tacoliasquini.it\/#website\",\"url\":\"https:\/\/www.tacoliasquini.it\/\",\"name\":\"Azienda Agricola Tacoli Asquini\",\"description\":\"Chardonnay, Friulano, Pinot Grigio, Sauvignon, Traminer Aromatico, Spumante Brut, Refosco dal Peduncolo Rosso, Cabernet Franc, Merlot, Ruano Rosso, Spumante Brut e Ros\u00e8\",\"publisher\":{\"@id\":\"https:\/\/www.tacoliasquini.it\/#organization\"},\"potentialAction\":[{\"@type\":\"SearchAction\",\"target\":{\"@type\":\"EntryPoint\",\"urlTemplate\":\"https:\/\/www.tacoliasquini.it\/?s={search_term_string}\"},\"query-input\":{\"@type\":\"PropertyValueSpecification\",\"valueRequired\":true,\"valueName\":\"search_term_string\"}}],\"inLanguage\":\"en-US\"},{\"@type\":\"Organization\",\"@id\":\"https:\/\/www.tacoliasquini.it\/#organization\",\"name\":\"Azienda Agricola Tacoli Asquini\",\"url\":\"https:\/\/www.tacoliasquini.it\/\",\"logo\":{\"@type\":\"ImageObject\",\"inLanguage\":\"en-US\",\"@id\":\"https:\/\/www.tacoliasquini.it\/#\/schema\/logo\/image\/\",\"url\":\"https:\/\/www.tacoliasquini.it\/wp-content\/uploads\/2021\/05\/logo-vini-tacoli-asquini-052021.png\",\"contentUrl\":\"https:\/\/www.tacoliasquini.it\/wp-content\/uploads\/2021\/05\/logo-vini-tacoli-asquini-052021.png\",\"width\":500,\"height\":140,\"caption\":\"Azienda Agricola Tacoli Asquini\"},\"image\":{\"@id\":\"https:\/\/www.tacoliasquini.it\/#\/schema\/logo\/image\/\"}}]}<\/script>\n<!-- \/ Yoast SEO plugin. -->","yoast_head_json":{"title":"Cabernet Franc - Azienda Agricola Tacoli Asquini","robots":{"index":"noindex","follow":"follow"},"og_locale":"en_US","og_type":"article","og_title":"Cabernet Franc - Azienda Agricola Tacoli Asquini","og_description":"Spedizione: 2-6 giorni lavorativi.  Vino: dal colore rosso rubino, presenta un bouquet ben pronunciato, con elegante fragranza di erba tagliata, lampone maturo e radice di liquirizia; asciutto franco ed armonico, con piacevole fondo di mallo di noce e frutti di bosco che si sofferma a lungo in bocca.  Temperatura di servizio: 15\u00b0-17\u00b0C.  Abbinamenti: \u00e8 indicato con piatti di carni rosse, arrosti, pollame nobile e formaggi stagionati.","og_url":"https:\/\/www.tacoliasquini.it\/shop-vino\/cabernet-franc\/","og_site_name":"Azienda Agricola Tacoli Asquini","article_modified_time":"2025-04-25T17:57:54+00:00","og_image":[{"width":944,"height":944,"url":"https:\/\/www.tacoliasquini.it\/wp-content\/uploads\/2019\/02\/vini-azienda-agricola-tacoli-asquini-udine-friuli-cabernet-franc.png","type":"image\/png"}],"twitter_card":"summary_large_image","twitter_misc":{"Est. reading time":"1 minute"},"schema":{"@context":"https:\/\/schema.org","@graph":[{"@type":"WebPage","@id":"https:\/\/www.tacoliasquini.it\/shop-vino\/cabernet-franc\/","url":"https:\/\/www.tacoliasquini.it\/shop-vino\/cabernet-franc\/","name":"Cabernet Franc - Azienda Agricola Tacoli Asquini","isPartOf":{"@id":"https:\/\/www.tacoliasquini.it\/#website"},"primaryImageOfPage":{"@id":"https:\/\/www.tacoliasquini.it\/shop-vino\/cabernet-franc\/#primaryimage"},"image":{"@id":"https:\/\/www.tacoliasquini.it\/shop-vino\/cabernet-franc\/#primaryimage"},"thumbnailUrl":"https:\/\/www.tacoliasquini.it\/wp-content\/uploads\/2019\/02\/vini-azienda-agricola-tacoli-asquini-udine-friuli-cabernet-franc.png","datePublished":"2025-03-20T11:22:15+00:00","dateModified":"2025-04-25T17:57:54+00:00","breadcrumb":{"@id":"https:\/\/www.tacoliasquini.it\/shop-vino\/cabernet-franc\/#breadcrumb"},"inLanguage":"en-US","potentialAction":[{"@type":"ReadAction","target":["https:\/\/www.tacoliasquini.it\/shop-vino\/cabernet-franc\/"]}]},{"@type":"ImageObject","inLanguage":"en-US","@id":"https:\/\/www.tacoliasquini.it\/shop-vino\/cabernet-franc\/#primaryimage","url":"https:\/\/www.tacoliasquini.it\/wp-content\/uploads\/2019\/02\/vini-azienda-agricola-tacoli-asquini-udine-friuli-cabernet-franc.png","contentUrl":"https:\/\/www.tacoliasquini.it\/wp-content\/uploads\/2019\/02\/vini-azienda-agricola-tacoli-asquini-udine-friuli-cabernet-franc.png","width":944,"height":944,"caption":"vini-azienda-agricola-tacoli-asquini-udine-friuli-cabernet-franc"},{"@type":"BreadcrumbList","@id":"https:\/\/www.tacoliasquini.it\/shop-vino\/cabernet-franc\/#breadcrumb","itemListElement":[{"@type":"ListItem","position":1,"name":"Home","item":"https:\/\/www.tacoliasquini.it\/en\/about\/"},{"@type":"ListItem","position":2,"name":"Prodotti","item":"https:\/\/www.tacoliasquini.it\/shop\/"},{"@type":"ListItem","position":3,"name":"Cabernet Franc"}]},{"@type":"WebSite","@id":"https:\/\/www.tacoliasquini.it\/#website","url":"https:\/\/www.tacoliasquini.it\/","name":"Azienda Agricola Tacoli Asquini","description":"Chardonnay, Friulano, Pinot Grigio, Sauvignon, Traminer Aromatico, Spumante Brut, Refosco dal Peduncolo Rosso, Cabernet Franc, Merlot, Ruano Rosso, Spumante Brut e Ros\u00e8","publisher":{"@id":"https:\/\/www.tacoliasquini.it\/#organization"},"potentialAction":[{"@type":"SearchAction","target":{"@type":"EntryPoint","urlTemplate":"https:\/\/www.tacoliasquini.it\/?s={search_term_string}"},"query-input":{"@type":"PropertyValueSpecification","valueRequired":true,"valueName":"search_term_string"}}],"inLanguage":"en-US"},{"@type":"Organization","@id":"https:\/\/www.tacoliasquini.it\/#organization","name":"Azienda Agricola Tacoli Asquini","url":"https:\/\/www.tacoliasquini.it\/","logo":{"@type":"ImageObject","inLanguage":"en-US","@id":"https:\/\/www.tacoliasquini.it\/#\/schema\/logo\/image\/","url":"https:\/\/www.tacoliasquini.it\/wp-content\/uploads\/2021\/05\/logo-vini-tacoli-asquini-052021.png","contentUrl":"https:\/\/www.tacoliasquini.it\/wp-content\/uploads\/2021\/05\/logo-vini-tacoli-asquini-052021.png","width":500,"height":140,"caption":"Azienda Agricola Tacoli Asquini"},"image":{"@id":"https:\/\/www.tacoliasquini.it\/#\/schema\/logo\/image\/"}}]}},"uagb_featured_image_src":{"full":["https:\/\/www.tacoliasquini.it\/wp-content\/uploads\/2019\/02\/vini-azienda-agricola-tacoli-asquini-udine-friuli-cabernet-franc.png",944,944,false],"thumbnail":["https:\/\/www.tacoliasquini.it\/wp-content\/uploads\/2019\/02\/vini-azienda-agricola-tacoli-asquini-udine-friuli-cabernet-franc-150x150.png",150,150,true],"medium":["https:\/\/www.tacoliasquini.it\/wp-content\/uploads\/2019\/02\/vini-azienda-agricola-tacoli-asquini-udine-friuli-cabernet-franc-300x300.png",300,300,true],"medium_large":["https:\/\/www.tacoliasquini.it\/wp-content\/uploads\/2019\/02\/vini-azienda-agricola-tacoli-asquini-udine-friuli-cabernet-franc-768x768.png",768,768,true],"large":["https:\/\/www.tacoliasquini.it\/wp-content\/uploads\/2019\/02\/vini-azienda-agricola-tacoli-asquini-udine-friuli-cabernet-franc.png",944,944,false],"1536x1536":["https:\/\/www.tacoliasquini.it\/wp-content\/uploads\/2019\/02\/vini-azienda-agricola-tacoli-asquini-udine-friuli-cabernet-franc.png",944,944,false],"2048x2048":["https:\/\/www.tacoliasquini.it\/wp-content\/uploads\/2019\/02\/vini-azienda-agricola-tacoli-asquini-udine-friuli-cabernet-franc.png",944,944,false],"woocommerce_thumbnail":["https:\/\/www.tacoliasquini.it\/wp-content\/uploads\/2019\/02\/vini-azienda-agricola-tacoli-asquini-udine-friuli-cabernet-franc-600x600.png",600,600,true],"woocommerce_single":["https:\/\/www.tacoliasquini.it\/wp-content\/uploads\/2019\/02\/vini-azienda-agricola-tacoli-asquini-udine-friuli-cabernet-franc-600x600.png",600,600,true],"woocommerce_gallery_thumbnail":["https:\/\/www.tacoliasquini.it\/wp-content\/uploads\/2019\/02\/vini-azienda-agricola-tacoli-asquini-udine-friuli-cabernet-franc-100x100.png",100,100,true]},"uagb_author_info":{"display_name":"admin","author_link":"https:\/\/www.tacoliasquini.it\/en\/author\/"},"uagb_comment_info":0,"uagb_excerpt":"Spedizione: 2-6 giorni lavorativi. Vino: dal colore rosso rubino, presenta un bouquet ben pronunciato, con elegante fragranza di erba tagliata, lampone maturo e radice di liquirizia; asciutto franco ed armonico, con piacevole fondo di mallo di noce e frutti di bosco che si sofferma a lungo in bocca. Temperatura di servizio: 15\u00b0-17\u00b0C. Abbinamenti: \u00e8 indicato&hellip;","_links":{"self":[{"href":"https:\/\/www.tacoliasquini.it\/en\/wp-json\/wp\/v2\/product\/1311","targetHints":{"allow":["GET"]}}],"collection":[{"href":"https:\/\/www.tacoliasquini.it\/en\/wp-json\/wp\/v2\/product"}],"about":[{"href":"https:\/\/www.tacoliasquini.it\/en\/wp-json\/wp\/v2\/types\/product"}],"wp:featuredmedia":[{"embeddable":true,"href":"https:\/\/www.tacoliasquini.it\/en\/wp-json\/wp\/v2\/media\/204"}],"wp:attachment":[{"href":"https:\/\/www.tacoliasquini.it\/en\/wp-json\/wp\/v2\/media?parent=1311"}],"wp:term":[{"taxonomy":"product_brand","embeddable":true,"href":"https:\/\/www.tacoliasquini.it\/en\/wp-json\/wp\/v2\/product_brand?post=1311"},{"taxonomy":"product_cat","embeddable":true,"href":"https:\/\/www.tacoliasquini.it\/en\/wp-json\/wp\/v2\/product_cat?post=1311"},{"taxonomy":"product_tag","embeddable":true,"href":"https:\/\/www.tacoliasquini.it\/en\/wp-json\/wp\/v2\/product_tag?post=1311"}],"curies":[{"name":"wp","href":"https:\/\/api.w.org\/{rel}","templated":true}]}}